{"id":151,"date":"2024-06-20T16:42:38","date_gmt":"2024-06-20T14:42:38","guid":{"rendered":"https:\/\/lyceelespierresvives.fr\/?page_id=151"},"modified":"2026-02-13T18:49:54","modified_gmt":"2026-02-13T17:49:54","slug":"le-lycee","status":"publish","type":"page","link":"https:\/\/lyceelespierresvives.fr\/?page_id=151","title":{"rendered":"Organigramme"},"content":{"rendered":"<h3 class=\"wp-block-heading has-text-align-center has-base-color has-custom-color-1-background-color has-text-color has-background has-link-color wp-elements-9bfb13239dd25b2011432000821fac25\">Direction<\/h3><div class=\"wp-block-group is-nowrap is-layout-flex wp-container-core-group-is-layout-6c531013 wp-block-group-is-layout-flex\"><p>M. Callet-Raval (proviseur)<\/p>\n\n<figure class=\"wp-block-image size-full is-resized\"><a href=\"https:\/\/lyceelespierresvives.fr\/?page_id=92&amp;contact_administration=bruno.callet-raval@ac-versailles.fr\" target=\"_blank\" rel=\"noreferrer noopener\"><img loading=\"lazy\" decoding=\"async\" width=\"132\" height=\"98\" src=\"https:\/\/lyceelespierresvives.fr\/wp-content\/uploads\/2024\/10\/enveloppe_mail.png\" alt=\"\" class=\"wp-image-913\" style=\"width:auto;height:10px\"\/><\/a><\/figure><\/div><div class=\"wp-block-group is-nowrap is-layout-flex wp-container-core-group-is-layout-6c531013 wp-block-group-is-layout-flex\"><p>M. Czemerega (proviseur-adjoint)<\/p>\n\n<figure class=\"wp-block-image size-full is-resized\"><a href=\"https:\/\/lyceelespierresvives.fr\/?page_id=92&amp;contact_administration=alexis.czemerega@ac-versailles.fr\" target=\"_blank\" rel=\"noreferrer noopener\"><img loading=\"lazy\" decoding=\"async\" width=\"132\" height=\"98\" src=\"https:\/\/lyceelespierresvives.fr\/wp-content\/uploads\/2024\/10\/enveloppe_mail.png\" alt=\"\" class=\"wp-image-913\" style=\"width:auto;height:10px\"\/><\/a><\/figure><\/div><div class=\"wp-block-group is-nowrap is-layout-flex wp-container-core-group-is-layout-6c531013 wp-block-group-is-layout-flex\"><p>M. Longat (DDFPT)<\/p>\n\n<figure class=\"wp-block-image size-full is-resized\"><a href=\"https:\/\/lyceelespierresvives.fr\/?page_id=92&amp;contact_administration=serge.longat@ac-versailles.fr\" target=\"_blank\" rel=\"noreferrer noopener\"><img loading=\"lazy\" decoding=\"async\" width=\"132\" height=\"98\" src=\"https:\/\/lyceelespierresvives.fr\/wp-content\/uploads\/2024\/10\/enveloppe_mail.png\" alt=\"\" class=\"wp-image-913\" style=\"width:auto;height:10px\"\/><\/a><\/figure><\/div><div class=\"wp-block-group is-nowrap is-layout-flex wp-container-core-group-is-layout-6c531013 wp-block-group-is-layout-flex\"><p>Mme Picquenot (secr\u00e9tariat de direction)<\/p>\n\n<figure class=\"wp-block-image size-full is-resized\"><a href=\"https:\/\/lyceelespierresvives.fr\/?page_id=92&amp;contact_administration=alexandra.picquenot@ac-versailles.fr\" target=\"_blank\" rel=\"noreferrer noopener\"><img loading=\"lazy\" decoding=\"async\" width=\"132\" height=\"98\" src=\"https:\/\/lyceelespierresvives.fr\/wp-content\/uploads\/2024\/10\/enveloppe_mail.png\" alt=\"\" class=\"wp-image-913\" style=\"width:auto;height:10px\"\/><\/a><\/figure><\/div><div class=\"wp-block-group is-nowrap is-layout-flex wp-container-core-group-is-layout-6c531013 wp-block-group-is-layout-flex\"><p>Mme Gilbert (secr\u00e9tariat scolarit\u00e9)<\/p>\n\n<figure class=\"wp-block-image size-full is-resized\"><a href=\"https:\/\/lyceelespierresvives.fr\/?page_id=92&amp;contact_administration=emmanuelle.gilbert4@monlycee.net\" target=\"_blank\" rel=\"noreferrer noopener\"><img loading=\"lazy\" decoding=\"async\" width=\"132\" height=\"98\" src=\"https:\/\/lyceelespierresvives.fr\/wp-content\/uploads\/2024\/10\/enveloppe_mail.png\" alt=\"\" class=\"wp-image-913\" style=\"width:auto;height:10px\"\/><\/a><\/figure><\/div><div style=\"height:10px\" aria-hidden=\"true\" class=\"wp-block-spacer\"><\/div><h3 class=\"wp-block-heading has-text-align-center has-base-color has-custom-color-1-background-color has-text-color has-background has-link-color wp-elements-75b91e6b1367971c99502430378feb3e\">Intendance<\/h3><div class=\"wp-block-group is-nowrap is-layout-flex wp-container-core-group-is-layout-6c531013 wp-block-group-is-layout-flex\"><p>M. Legay (adjoint-gestionnaire)<\/p>\n\n<figure class=\"wp-block-image size-full is-resized\"><a href=\"https:\/\/lyceelespierresvives.fr\/?page_id=110&amp;contact_intendance=frederic.legay@ac-versailles.fr\" target=\"_blank\" rel=\"noreferrer noopener\"><img loading=\"lazy\" decoding=\"async\" width=\"132\" height=\"98\" src=\"https:\/\/lyceelespierresvives.fr\/wp-content\/uploads\/2024\/10\/enveloppe_mail.png\" alt=\"\" class=\"wp-image-913\" style=\"width:auto;height:10px\"\/><\/a><\/figure><\/div><div class=\"wp-block-group is-nowrap is-layout-flex wp-container-core-group-is-layout-6c531013 wp-block-group-is-layout-flex\"><p>Mme Dos Santos (demi-pension, commandes, fournisseurs, devis)<\/p>\n\n<figure class=\"wp-block-image size-full is-resized\"><a href=\"https:\/\/lyceelespierresvives.fr\/?page_id=110&amp;contact_intendance=laetitia.dos-santos1@ac-versailles.fr\" target=\"_blank\" rel=\"noreferrer noopener\"><img loading=\"lazy\" decoding=\"async\" width=\"132\" height=\"98\" src=\"https:\/\/lyceelespierresvives.fr\/wp-content\/uploads\/2024\/10\/enveloppe_mail.png\" alt=\"\" class=\"wp-image-913\" style=\"width:auto;height:10px\"\/><\/a><\/figure><\/div><div class=\"wp-block-group is-nowrap is-layout-flex wp-container-core-group-is-layout-6c531013 wp-block-group-is-layout-flex\"><p>Mme Matias (bourses, voyages, manuels scolaires, fonds sociaux, comptabilit\u00e9, facturation)<\/p>\n\n<figure class=\"wp-block-image size-full is-resized\"><a href=\"https:\/\/lyceelespierresvives.fr\/?page_id=110&amp;contact_intendance=marie-jose.matias@ac-versailles.fr\" target=\"_blank\" rel=\"noreferrer noopener\"><img loading=\"lazy\" decoding=\"async\" width=\"132\" height=\"98\" src=\"https:\/\/lyceelespierresvives.fr\/wp-content\/uploads\/2024\/10\/enveloppe_mail.png\" alt=\"\" class=\"wp-image-913\" style=\"width:auto;height:10px\"\/><\/a><\/figure><\/div><div style=\"height:10px\" aria-hidden=\"true\" class=\"wp-block-spacer\"><\/div><h3 class=\"wp-block-heading has-text-align-center has-base-color has-custom-color-1-background-color has-text-color has-background has-link-color wp-elements-bf74bae213579716009cb3aecdf6c349\">Vie scolaire<\/h3><div class=\"wp-block-group is-nowrap is-layout-flex wp-container-core-group-is-layout-6c531013 wp-block-group-is-layout-flex\"><p>Mme Butraud (CPE, classes de 209 \u00e0 215 + Terminales)<\/p>\n\n<figure class=\"wp-block-image size-full is-resized\"><a href=\"https:\/\/lyceelespierresvives.fr\/?page_id=111&amp;contact_vie_scolaire=virginie.butraud@ac-versailles.fr\" target=\"_blank\" rel=\"noreferrer noopener\"><img loading=\"lazy\" decoding=\"async\" width=\"132\" height=\"98\" src=\"https:\/\/lyceelespierresvives.fr\/wp-content\/uploads\/2024\/10\/enveloppe_mail.png\" alt=\"\" class=\"wp-image-913\" style=\"width:auto;height:10px\"\/><\/a><\/figure><\/div><div class=\"wp-block-group is-nowrap is-layout-flex wp-container-core-group-is-layout-6c531013 wp-block-group-is-layout-flex\"><p>Mme Feuardent (CPE, classes de 201 \u00e0 208 + Premi\u00e8res)<\/p>\n\n<figure class=\"wp-block-image size-full is-resized\"><a href=\"https:\/\/lyceelespierresvives.fr\/?page_id=111&amp;contact_vie_scolaire=anne.feuardent@ac-versailles.fr\" target=\"_blank\" rel=\"noreferrer noopener\"><img loading=\"lazy\" decoding=\"async\" width=\"132\" height=\"98\" src=\"https:\/\/lyceelespierresvives.fr\/wp-content\/uploads\/2024\/10\/enveloppe_mail.png\" alt=\"\" class=\"wp-image-913\" style=\"width:auto;height:10px\"\/><\/a><\/figure><\/div><div class=\"wp-block-group is-nowrap is-layout-flex wp-container-core-group-is-layout-6c531013 wp-block-group-is-layout-flex\"><p>Bureau de la vie scolaire<\/p>\n\n<figure class=\"wp-block-image size-full is-resized\"><a href=\"https:\/\/lyceelespierresvives.fr\/?page_id=111&amp;contact_vie_scolaire=vie-scolaire1.0781860y@ac-versailles.fr\" target=\"_blank\" rel=\"noreferrer noopener\"><img loading=\"lazy\" decoding=\"async\" width=\"132\" height=\"98\" src=\"https:\/\/lyceelespierresvives.fr\/wp-content\/uploads\/2024\/10\/enveloppe_mail.png\" alt=\"\" class=\"wp-image-913\" style=\"width:auto;height:10px\"\/><\/a><\/figure><\/div><div style=\"height:10px\" aria-hidden=\"true\" class=\"wp-block-spacer\"><\/div><h3 class=\"wp-block-heading has-text-align-center has-base-color has-custom-color-1-background-color has-text-color has-background has-link-color wp-elements-70f877f98acef60a8a42a03d015fe36d\">Services m\u00e9dicaux-sociaux<\/h3><div class=\"wp-block-group is-nowrap is-layout-flex wp-container-core-group-is-layout-6c531013 wp-block-group-is-layout-flex\"><p>Mme Prud&rsquo;homme (PsyEN)<\/p>\n\n<figure class=\"wp-block-image size-full is-resized\"><a href=\"https:\/\/lyceelespierresvives.fr\/?page_id=112&amp;contact_medical=charlotte-marie.prud-homme@ac-versailles.fr\" target=\"_blank\" rel=\"noreferrer noopener\"><img loading=\"lazy\" decoding=\"async\" width=\"132\" height=\"98\" src=\"https:\/\/lyceelespierresvives.fr\/wp-content\/uploads\/2024\/10\/enveloppe_mail.png\" alt=\"\" class=\"wp-image-913\" style=\"width:auto;height:10px\"\/><\/a><\/figure><\/div><div class=\"wp-block-group is-nowrap is-layout-flex wp-container-core-group-is-layout-6c531013 wp-block-group-is-layout-flex\"><p>Mme Radzimska (PsyEN)<\/p>\n\n<figure class=\"wp-block-image size-full is-resized\"><a href=\"https:\/\/lyceelespierresvives.fr\/?page_id=112&amp;contact_medical=charlotte-marie.prud-homme@ac-versailles.fr\" target=\"_blank\" rel=\"noreferrer noopener\"><img loading=\"lazy\" decoding=\"async\" width=\"132\" height=\"98\" src=\"https:\/\/lyceelespierresvives.fr\/wp-content\/uploads\/2024\/10\/enveloppe_mail.png\" alt=\"\" class=\"wp-image-913\" style=\"width:auto;height:10px\"\/><\/a><\/figure><\/div><div class=\"wp-block-group is-nowrap is-layout-flex wp-container-core-group-is-layout-6c531013 wp-block-group-is-layout-flex\"><p>Mme Larafa (infirmi\u00e8re)<\/p>\n\n<figure class=\"wp-block-image size-full is-resized\"><a href=\"https:\/\/lyceelespierresvives.fr\/?page_id=112&amp;contact_medical=khouloud.larafa@ac-versailles.fr\" target=\"_blank\" rel=\"noreferrer noopener\"><img loading=\"lazy\" decoding=\"async\" width=\"132\" height=\"98\" src=\"https:\/\/lyceelespierresvives.fr\/wp-content\/uploads\/2024\/10\/enveloppe_mail.png\" alt=\"\" class=\"wp-image-913\" style=\"width:auto;height:10px\"\/><\/a><\/figure><\/div>","protected":false},"excerpt":{"rendered":"<p>Direction M. Callet-Raval (proviseur) M. Czemerega (proviseur-adjoint) M. Longat (DDFPT) Mme Picquenot (secr\u00e9tariat de direction) Mme Gilbert (secr\u00e9tariat scolarit\u00e9) Intendance M. Legay (adjoint-gestionnaire) Mme Dos Santos (demi-pension, commandes, fournisseurs, devis) Mme Matias (bourses, voyages, manuels scolaires, fonds sociaux, comptabilit\u00e9, facturation) Vie scolaire Mme Butraud (CPE, classes de 209 \u00e0 215 + Terminales) Mme Feuardent (CPE, [&hellip;]<\/p>\n","protected":false},"author":3,"featured_media":0,"parent":0,"menu_order":2200,"comment_status":"closed","ping_status":"closed","template":"","meta":{"inline_featured_image":false,"footnotes":""},"class_list":["post-151","page","type-page","status-publish","hentry"],"_links":{"self":[{"href":"https:\/\/lyceelespierresvives.fr\/index.php?rest_route=\/wp\/v2\/pages\/151","targetHints":{"allow":["GET"]}}],"collection":[{"href":"https:\/\/lyceelespierresvives.fr\/index.php?rest_route=\/wp\/v2\/pages"}],"about":[{"href":"https:\/\/lyceelespierresvives.fr\/index.php?rest_route=\/wp\/v2\/types\/page"}],"author":[{"embeddable":true,"href":"https:\/\/lyceelespierresvives.fr\/index.php?rest_route=\/wp\/v2\/users\/3"}],"replies":[{"embeddable":true,"href":"https:\/\/lyceelespierresvives.fr\/index.php?rest_route=%2Fwp%2Fv2%2Fcomments&post=151"}],"version-history":[{"count":17,"href":"https:\/\/lyceelespierresvives.fr\/index.php?rest_route=\/wp\/v2\/pages\/151\/revisions"}],"predecessor-version":[{"id":2782,"href":"https:\/\/lyceelespierresvives.fr\/index.php?rest_route=\/wp\/v2\/pages\/151\/revisions\/2782"}],"wp:attachment":[{"href":"https:\/\/lyceelespierresvives.fr\/index.php?rest_route=%2Fwp%2Fv2%2Fmedia&parent=151"}],"curies":[{"name":"wp","href":"https:\/\/api.w.org\/{rel}","templated":true}]}}