{"id":1356,"date":"2025-01-14T09:16:51","date_gmt":"2025-01-14T08:16:51","guid":{"rendered":"https:\/\/lyceelespierresvives.fr\/?page_id=1356"},"modified":"2025-01-14T12:32:06","modified_gmt":"2025-01-14T11:32:06","slug":"orientation-entree-en-seconde-affectation","status":"publish","type":"page","link":"https:\/\/lyceelespierresvives.fr\/?page_id=1356","title":{"rendered":"Orientation &#8211; Entr\u00e9e en Seconde: affectation"},"content":{"rendered":"<p>Lorsqu&rsquo;un \u00e9l\u00e8ve candidate via la plateforme <a href=\"https:\/\/educonnect.education.gouv.fr\/idp\/profile\/SAML2\/Redirect\/SSO?execution=e1s1\" data-type=\"attachment\" data-id=\"1310\" target=\"_blank\" rel=\"noreferrer noopener\">EduConnect<\/a> au troisi\u00e8me trimestre de troisi\u00e8me, la famille re\u00e7oit la d\u00e9cision d&rsquo;affectation fin juin &#8211; d\u00e9but juillet.<br>Si la r\u00e9ponse est positive, l&rsquo;\u00e9l\u00e8ve est affect\u00e9 au Lyc\u00e9e Les Pierres Vives, il faudra alors proc\u00e9der \u00e0 l&rsquo;inscription.<\/p><div class=\"wp-block-columns has-sidebar-shadow-color-background-color has-background is-layout-flex wp-container-core-columns-is-layout-28f84493 wp-block-columns-is-layout-flex\"><div class=\"wp-block-column is-layout-flow wp-block-column-is-layout-flow\"><p class=\"has-text-align-center has-base-color has-custom-color-1-background-color has-text-color has-background has-link-color wp-elements-ed16db23e0c5d89057aaa3b04dc1e322\"><a href=\"https:\/\/lyceelespierresvives.fr\/?page_id=1351\" data-type=\"page\" data-id=\"1351\">Voir les modalit\u00e9s de candidature en Seconde<\/a><\/p><\/div>\n\n<div class=\"wp-block-column is-layout-flow wp-block-column-is-layout-flow\"><p class=\"has-text-align-center has-base-color has-custom-color-1-background-color has-text-color has-background has-link-color wp-elements-e784ae4200dfe804ea31124b32904215\"><a href=\"https:\/\/lyceelespierresvives.fr\/?page_id=1360\" data-type=\"page\" data-id=\"1360\">Voir les modalit\u00e9s d&rsquo;inscription en Seconde<\/a><\/p><\/div><\/div>","protected":false},"excerpt":{"rendered":"<p>Lorsqu&rsquo;un \u00e9l\u00e8ve candidate via la plateforme EduConnect au troisi\u00e8me trimestre de troisi\u00e8me, la famille re\u00e7oit la d\u00e9cision d&rsquo;affectation fin juin &#8211; d\u00e9but juillet.Si la r\u00e9ponse est positive, l&rsquo;\u00e9l\u00e8ve est affect\u00e9 au Lyc\u00e9e Les Pierres Vives, il faudra alors proc\u00e9der \u00e0 l&rsquo;inscription. Voir les modalit\u00e9s de candidature en Seconde Voir les modalit\u00e9s d&rsquo;inscription en Seconde<\/p>\n","protected":false},"author":2,"featured_media":0,"parent":0,"menu_order":0,"comment_status":"closed","ping_status":"closed","template":"","meta":{"inline_featured_image":false,"footnotes":""},"class_list":["post-1356","page","type-page","status-publish","hentry"],"_links":{"self":[{"href":"https:\/\/lyceelespierresvives.fr\/index.php?rest_route=\/wp\/v2\/pages\/1356","targetHints":{"allow":["GET"]}}],"collection":[{"href":"https:\/\/lyceelespierresvives.fr\/index.php?rest_route=\/wp\/v2\/pages"}],"about":[{"href":"https:\/\/lyceelespierresvives.fr\/index.php?rest_route=\/wp\/v2\/types\/page"}],"author":[{"embeddable":true,"href":"https:\/\/lyceelespierresvives.fr\/index.php?rest_route=\/wp\/v2\/users\/2"}],"replies":[{"embeddable":true,"href":"https:\/\/lyceelespierresvives.fr\/index.php?rest_route=%2Fwp%2Fv2%2Fcomments&post=1356"}],"version-history":[{"count":3,"href":"https:\/\/lyceelespierresvives.fr\/index.php?rest_route=\/wp\/v2\/pages\/1356\/revisions"}],"predecessor-version":[{"id":1377,"href":"https:\/\/lyceelespierresvives.fr\/index.php?rest_route=\/wp\/v2\/pages\/1356\/revisions\/1377"}],"wp:attachment":[{"href":"https:\/\/lyceelespierresvives.fr\/index.php?rest_route=%2Fwp%2Fv2%2Fmedia&parent=1356"}],"curies":[{"name":"wp","href":"https:\/\/api.w.org\/{rel}","templated":true}]}}